{"id":5769,"date":"2019-07-30T09:15:15","date_gmt":"2019-07-30T12:15:15","guid":{"rendered":"http:\/\/abenti.org.br\/Area_Membros\/?page_id=5769"},"modified":"2024-03-05T21:58:06","modified_gmt":"2024-03-06T00:58:06","slug":"artigos-comentados","status":"publish","type":"page","link":"http:\/\/abenti.org.br\/Area_Membros\/artigos-comentados\/","title":{"rendered":"ARTIGOS COMENTADOS"},"content":{"rendered":"<section class=\"l-section wpb_row height_medium\"><div class=\"l-section-h i-cf\"><div class=\"g-cols offset_small\"><div class=\"vc_col-sm-12 wpb_column vc_column_container\"><div class=\"vc_column-inner\"><div class=\"w-blog layout_tiles cols_3\" itemscope=\"itemscope\" itemtype=\"https:\/\/schema.org\/Blog\"><div class=\"w-blog-list\">\n\n<article class=\"w-blog-post artigos-comentados post-6072 post type-post status-publish format-standard has-post-thumbnail hentry category-artigos-comentados\" data-id=\"6072\" data-categories=\"artigos-comentados\">\n\t<div class=\"w-blog-post-h\">\n\t\t<a href=\"http:\/\/abenti.org.br\/Area_Membros\/ensaio-clinico-multicentrico-duplo-cego-randomizado-controlado-por-placebo\/\">\n\t\t\t<div class=\"w-blog-post-preview\">\n\t\t\t\t<img loading=\"lazy\" decoding=\"async\" width=\"600\" height=\"400\" src=\"http:\/\/abenti.org.br\/Area_Membros\/wp-content\/uploads\/2023\/03\/Como-vender-pelo-Whats.jpg\" class=\"attachment-tnail-3x2 size-tnail-3x2 wp-post-image\" alt=\"\" srcset=\"http:\/\/abenti.org.br\/Area_Membros\/wp-content\/uploads\/2023\/03\/Como-vender-pelo-Whats.jpg 600w, http:\/\/abenti.org.br\/Area_Membros\/wp-content\/uploads\/2023\/03\/Como-vender-pelo-Whats-300x200.jpg 300w\" sizes=\"(max-width: 600px) 100vw, 600px\" \/>\t\t\t\t<span class=\"w-blog-post-preview-icon\" style=\"padding-bottom: 66.6667%;\"><\/span>\n\t\t\t<\/div>\n\t\t<\/a>\n\t\t<div class=\"w-blog-post-body\">\n\t\t\t<h2 class=\"w-blog-post-title\">\n\t\t\t\t<a class=\"entry-title\" rel=\"bookmark\" href=\"http:\/\/abenti.org.br\/Area_Membros\/ensaio-clinico-multicentrico-duplo-cego-randomizado-controlado-por-placebo\/\">Ensaio cl\u00ednico multic\u00eantrico duplo-cego randomizado controlado por placebo<\/a>\n\t\t\t<\/h2>\n\t\t\t<div class=\"w-blog-post-meta\">\n\t\t\t\t<time class=\"w-blog-post-meta-date date updated\">5 de mar\u00e7o de 2024<\/time><span class=\"w-blog-post-meta-author vcard author hidden\"><a href=\"http:\/\/abenti.org.br\/Area_Membros\/author\/robson-calixto\/\" class=\"fn\">Robson Calixto<\/a><\/span>\t\t\t<\/div>\n\t\t\t<div class=\"w-blog-post-content\">\n\t\t\t\t<p>Ensaio cl\u00ednico multic\u00eantrico duplo-cego randomizado controlado por placebo Uso da dexametasona para evitar falha de extuba\u00e7\u00e3o em pacientes cr\u00edticos pedi\u00e1tricos BUTRAGUE\u00d1O-LAISECA, Laura et al. Multicenter randomized clinical trial comparing dexamethasone&#8230;<\/p>\n\t\t\t<\/div>\n\t\t\t<a class=\"w-blog-post-more w-btn\" href=\"http:\/\/abenti.org.br\/Area_Membros\/ensaio-clinico-multicentrico-duplo-cego-randomizado-controlado-por-placebo\/\"><span class=\"w-btn-label\">Ler Mais<\/span><\/a>\n\t\t<\/div>\n\t<\/div>\n<\/article>\n\n\n\n<article class=\"w-blog-post artigos-comentados post-6070 post type-post status-publish format-standard has-post-thumbnail hentry category-artigos-comentados\" data-id=\"6070\" data-categories=\"artigos-comentados\">\n\t<div class=\"w-blog-post-h\">\n\t\t<a href=\"http:\/\/abenti.org.br\/Area_Membros\/estudo-de-revisao-de-escopo\/\">\n\t\t\t<div class=\"w-blog-post-preview\">\n\t\t\t\t<img loading=\"lazy\" decoding=\"async\" width=\"600\" height=\"400\" src=\"http:\/\/abenti.org.br\/Area_Membros\/wp-content\/uploads\/2023\/03\/original-1745b4d2ca021c69bab35d6eae6e03de-718x450-1-600x400.jpg\" class=\"attachment-tnail-3x2 size-tnail-3x2 wp-post-image\" alt=\"\" \/>\t\t\t\t<span class=\"w-blog-post-preview-icon\" style=\"padding-bottom: 66.6667%;\"><\/span>\n\t\t\t<\/div>\n\t\t<\/a>\n\t\t<div class=\"w-blog-post-body\">\n\t\t\t<h2 class=\"w-blog-post-title\">\n\t\t\t\t<a class=\"entry-title\" rel=\"bookmark\" href=\"http:\/\/abenti.org.br\/Area_Membros\/estudo-de-revisao-de-escopo\/\">Estudo de revis\u00e3o de escopo<\/a>\n\t\t\t<\/h2>\n\t\t\t<div class=\"w-blog-post-meta\">\n\t\t\t\t<time class=\"w-blog-post-meta-date date updated\">5 de mar\u00e7o de 2024<\/time><span class=\"w-blog-post-meta-author vcard author hidden\"><a href=\"http:\/\/abenti.org.br\/Area_Membros\/author\/robson-calixto\/\" class=\"fn\">Robson Calixto<\/a><\/span>\t\t\t<\/div>\n\t\t\t<div class=\"w-blog-post-content\">\n\t\t\t\t<p>Estudo de revis\u00e3o de escopo Eye care Interventions in Critical\/surgical Patients in the Prone Position: Scoping Review 1.Dantas AC, Lopes Costa M, Barbosa da Silva A, Coutinho Borges BE, de&#8230;<\/p>\n\t\t\t<\/div>\n\t\t\t<a class=\"w-blog-post-more w-btn\" href=\"http:\/\/abenti.org.br\/Area_Membros\/estudo-de-revisao-de-escopo\/\"><span class=\"w-btn-label\">Ler Mais<\/span><\/a>\n\t\t<\/div>\n\t<\/div>\n<\/article>\n\n\n\n<article class=\"w-blog-post artigos-comentados post-6068 post type-post status-publish format-standard has-post-thumbnail hentry category-artigos-comentados\" data-id=\"6068\" data-categories=\"artigos-comentados\">\n\t<div class=\"w-blog-post-h\">\n\t\t<a href=\"http:\/\/abenti.org.br\/Area_Membros\/o-projeto-de-luto-perinatal\/\">\n\t\t\t<div class=\"w-blog-post-preview\">\n\t\t\t\t<img loading=\"lazy\" decoding=\"async\" width=\"600\" height=\"400\" src=\"http:\/\/abenti.org.br\/Area_Membros\/wp-content\/uploads\/2023\/03\/espa\u00e7o-de-coworking-600x400.jpg\" class=\"attachment-tnail-3x2 size-tnail-3x2 wp-post-image\" alt=\"\" srcset=\"http:\/\/abenti.org.br\/Area_Membros\/wp-content\/uploads\/2023\/03\/espa\u00e7o-de-coworking-600x399.jpg 600w, http:\/\/abenti.org.br\/Area_Membros\/wp-content\/uploads\/2023\/03\/espa\u00e7o-de-coworking-300x200.jpg 300w, http:\/\/abenti.org.br\/Area_Membros\/wp-content\/uploads\/2023\/03\/espa\u00e7o-de-coworking.jpg 640w\" sizes=\"(max-width: 600px) 100vw, 600px\" \/>\t\t\t\t<span class=\"w-blog-post-preview-icon\" style=\"padding-bottom: 66.6667%;\"><\/span>\n\t\t\t<\/div>\n\t\t<\/a>\n\t\t<div class=\"w-blog-post-body\">\n\t\t\t<h2 class=\"w-blog-post-title\">\n\t\t\t\t<a class=\"entry-title\" rel=\"bookmark\" href=\"http:\/\/abenti.org.br\/Area_Membros\/o-projeto-de-luto-perinatal\/\">O projeto de luto perinatal<\/a>\n\t\t\t<\/h2>\n\t\t\t<div class=\"w-blog-post-meta\">\n\t\t\t\t<time class=\"w-blog-post-meta-date date updated\">5 de mar\u00e7o de 2024<\/time><span class=\"w-blog-post-meta-author vcard author hidden\"><a href=\"http:\/\/abenti.org.br\/Area_Membros\/author\/robson-calixto\/\" class=\"fn\">Robson Calixto<\/a><\/span>\t\t\t<\/div>\n\t\t\t<div class=\"w-blog-post-content\">\n\t\t\t\t<p>O projeto de luto perinatal: desenvolvimento e avalia\u00e7\u00e3o de diretrizes de apoio a fam\u00edlias em situa\u00e7\u00e3o de \u00f3bito perinatal e neonatal no Sudeste do Brasil &#8211; um estudo quase experimental&#8230;<\/p>\n\t\t\t<\/div>\n\t\t\t<a class=\"w-blog-post-more w-btn\" href=\"http:\/\/abenti.org.br\/Area_Membros\/o-projeto-de-luto-perinatal\/\"><span class=\"w-btn-label\">Ler Mais<\/span><\/a>\n\t\t<\/div>\n\t<\/div>\n<\/article>\n\n\n\n<article class=\"w-blog-post artigos-comentados post-6066 post type-post status-publish format-standard has-post-thumbnail hentry category-artigos-comentados\" data-id=\"6066\" data-categories=\"artigos-comentados\">\n\t<div class=\"w-blog-post-h\">\n\t\t<a href=\"http:\/\/abenti.org.br\/Area_Membros\/estudo-de-coorte-retrospectivo\/\">\n\t\t\t<div class=\"w-blog-post-preview\">\n\t\t\t\t<img loading=\"lazy\" decoding=\"async\" width=\"600\" height=\"400\" src=\"http:\/\/abenti.org.br\/Area_Membros\/wp-content\/uploads\/2022\/06\/artigo-comentado-ventilacao-mecanica-600x400.jpg\" class=\"attachment-tnail-3x2 size-tnail-3x2 wp-post-image\" alt=\"\" \/>\t\t\t\t<span class=\"w-blog-post-preview-icon\" style=\"padding-bottom: 66.6667%;\"><\/span>\n\t\t\t<\/div>\n\t\t<\/a>\n\t\t<div class=\"w-blog-post-body\">\n\t\t\t<h2 class=\"w-blog-post-title\">\n\t\t\t\t<a class=\"entry-title\" rel=\"bookmark\" href=\"http:\/\/abenti.org.br\/Area_Membros\/estudo-de-coorte-retrospectivo\/\">Estudo de Coorte Retrospectivo<\/a>\n\t\t\t<\/h2>\n\t\t\t<div class=\"w-blog-post-meta\">\n\t\t\t\t<time class=\"w-blog-post-meta-date date updated\">5 de mar\u00e7o de 2024<\/time><span class=\"w-blog-post-meta-author vcard author hidden\"><a href=\"http:\/\/abenti.org.br\/Area_Membros\/author\/robson-calixto\/\" class=\"fn\">Robson Calixto<\/a><\/span>\t\t\t<\/div>\n\t\t\t<div class=\"w-blog-post-content\">\n\t\t\t\t<p>Estudo de Coorte Retrospectivo Caracteriza\u00e7\u00e3o do mundo real do controle da glicemia e uso de insulina na unidade de terapia intensiva Refer\u00eancia: BAKER, Lawrence; MALEY, Jason H.; AR\u00c9VALO, Aldo; et&#8230;<\/p>\n\t\t\t<\/div>\n\t\t\t<a class=\"w-blog-post-more w-btn\" href=\"http:\/\/abenti.org.br\/Area_Membros\/estudo-de-coorte-retrospectivo\/\"><span class=\"w-btn-label\">Ler Mais<\/span><\/a>\n\t\t<\/div>\n\t<\/div>\n<\/article>\n\n\n\n<article class=\"w-blog-post artigos-comentados post-6011 post type-post status-publish format-standard has-post-thumbnail hentry category-artigos-comentados\" data-id=\"6011\" data-categories=\"artigos-comentados\">\n\t<div class=\"w-blog-post-h\">\n\t\t<a href=\"http:\/\/abenti.org.br\/Area_Membros\/coorte-prospectivo\/\">\n\t\t\t<div class=\"w-blog-post-preview\">\n\t\t\t\t<img loading=\"lazy\" decoding=\"async\" width=\"600\" height=\"400\" src=\"http:\/\/abenti.org.br\/Area_Membros\/wp-content\/uploads\/2022\/06\/artigo-comentado-ventilacao-mecanica-600x400.jpg\" class=\"attachment-tnail-3x2 size-tnail-3x2 wp-post-image\" alt=\"\" \/>\t\t\t\t<span class=\"w-blog-post-preview-icon\" style=\"padding-bottom: 66.6667%;\"><\/span>\n\t\t\t<\/div>\n\t\t<\/a>\n\t\t<div class=\"w-blog-post-body\">\n\t\t\t<h2 class=\"w-blog-post-title\">\n\t\t\t\t<a class=\"entry-title\" rel=\"bookmark\" href=\"http:\/\/abenti.org.br\/Area_Membros\/coorte-prospectivo\/\">Incid\u00eancia de les\u00e3o de c\u00f3rnea em terapia intensiva: um estudo de coorte<\/a>\n\t\t\t<\/h2>\n\t\t\t<div class=\"w-blog-post-meta\">\n\t\t\t\t<time class=\"w-blog-post-meta-date date updated\">3 de agosto de 2023<\/time><span class=\"w-blog-post-meta-author vcard author hidden\"><a href=\"http:\/\/abenti.org.br\/Area_Membros\/author\/robson-calixto\/\" class=\"fn\">Robson Calixto<\/a><\/span>\t\t\t<\/div>\n\t\t\t<div class=\"w-blog-post-content\">\n\t\t\t\t<p>Coorte Prospectivo Incid\u00eancia de les\u00e3o de c\u00f3rnea em terapia intensiva: um estudo de coorte Santos QF, Stipp MA, G\u00f3es FG, Oliveira FA, Paes GO. Incid\u00eancia de les\u00e3o de c\u00f3rnea em&#8230;<\/p>\n\t\t\t<\/div>\n\t\t\t<a class=\"w-blog-post-more w-btn\" href=\"http:\/\/abenti.org.br\/Area_Membros\/coorte-prospectivo\/\"><span class=\"w-btn-label\">Ler Mais<\/span><\/a>\n\t\t<\/div>\n\t<\/div>\n<\/article>\n\n\n\n<article class=\"w-blog-post artigos-comentados post-6010 post type-post status-publish format-standard has-post-thumbnail hentry category-artigos-comentados\" data-id=\"6010\" data-categories=\"artigos-comentados\">\n\t<div class=\"w-blog-post-h\">\n\t\t<a href=\"http:\/\/abenti.org.br\/Area_Membros\/ensaio-clinico-randomizado-2\/\">\n\t\t\t<div class=\"w-blog-post-preview\">\n\t\t\t\t<img loading=\"lazy\" decoding=\"async\" width=\"600\" height=\"400\" src=\"http:\/\/abenti.org.br\/Area_Membros\/wp-content\/uploads\/2023\/03\/original-8167bf246777ae506c7d2107ad3354c8-f0fae37a-600x400.jpeg\" class=\"attachment-tnail-3x2 size-tnail-3x2 wp-post-image\" alt=\"\" \/>\t\t\t\t<span class=\"w-blog-post-preview-icon\" style=\"padding-bottom: 66.6667%;\"><\/span>\n\t\t\t<\/div>\n\t\t<\/a>\n\t\t<div class=\"w-blog-post-body\">\n\t\t\t<h2 class=\"w-blog-post-title\">\n\t\t\t\t<a class=\"entry-title\" rel=\"bookmark\" href=\"http:\/\/abenti.org.br\/Area_Membros\/ensaio-clinico-randomizado-2\/\">Programa de enfermagem multicomponente para preven\u00e7\u00e3o de delirium em pacientes cr\u00edticos: ensaio cl\u00ednico randomizado<\/a>\n\t\t\t<\/h2>\n\t\t\t<div class=\"w-blog-post-meta\">\n\t\t\t\t<time class=\"w-blog-post-meta-date date updated\">3 de agosto de 2023<\/time><span class=\"w-blog-post-meta-author vcard author hidden\"><a href=\"http:\/\/abenti.org.br\/Area_Membros\/author\/robson-calixto\/\" class=\"fn\">Robson Calixto<\/a><\/span>\t\t\t<\/div>\n\t\t\t<div class=\"w-blog-post-content\">\n\t\t\t\t<p>Ensaio Cl\u00ednico Randomizado Programa de enfermagem multicomponente para preven\u00e7\u00e3o de delirium em pacientes cr\u00edticos: ensaio cl\u00ednico randomizado CONTRERAS, C.C.T. et al. Multicomponent nursing program to prevent delirium in critically ill&#8230;<\/p>\n\t\t\t<\/div>\n\t\t\t<a class=\"w-blog-post-more w-btn\" href=\"http:\/\/abenti.org.br\/Area_Membros\/ensaio-clinico-randomizado-2\/\"><span class=\"w-btn-label\">Ler Mais<\/span><\/a>\n\t\t<\/div>\n\t<\/div>\n<\/article>\n\n\n\n<article class=\"w-blog-post artigos-comentados post-5940 post type-post status-publish format-standard has-post-thumbnail hentry category-artigos-comentados\" data-id=\"5940\" data-categories=\"artigos-comentados\">\n\t<div class=\"w-blog-post-h\">\n\t\t<a href=\"http:\/\/abenti.org.br\/Area_Membros\/ensaio-clinico-randomizado\/\">\n\t\t\t<div class=\"w-blog-post-preview\">\n\t\t\t\t<img loading=\"lazy\" decoding=\"async\" width=\"600\" height=\"400\" src=\"http:\/\/abenti.org.br\/Area_Membros\/wp-content\/uploads\/2023\/03\/original-8167bf246777ae506c7d2107ad3354c8-f0fae37a-600x400.jpeg\" class=\"attachment-tnail-3x2 size-tnail-3x2 wp-post-image\" alt=\"\" \/>\t\t\t\t<span class=\"w-blog-post-preview-icon\" style=\"padding-bottom: 66.6667%;\"><\/span>\n\t\t\t<\/div>\n\t\t<\/a>\n\t\t<div class=\"w-blog-post-body\">\n\t\t\t<h2 class=\"w-blog-post-title\">\n\t\t\t\t<a class=\"entry-title\" rel=\"bookmark\" href=\"http:\/\/abenti.org.br\/Area_Membros\/ensaio-clinico-randomizado\/\">EFEITO DE UMA DIETA EXCLUSIVA DE LEITE HUMANO NO MICROBIOMA INTESTINAL EM BEB\u00caS PREMATUROS<\/a>\n\t\t\t<\/h2>\n\t\t\t<div class=\"w-blog-post-meta\">\n\t\t\t\t<time class=\"w-blog-post-meta-date date updated\">22 de mar\u00e7o de 2023<\/time><span class=\"w-blog-post-meta-author vcard author hidden\"><a href=\"http:\/\/abenti.org.br\/Area_Membros\/author\/robson-calixto\/\" class=\"fn\">Robson Calixto<\/a><\/span>\t\t\t<\/div>\n\t\t\t<div class=\"w-blog-post-content\">\n\t\t\t\t<p>Um ensaio cl\u00ednico randomizado Escrito por: Cl\u00e1udia Regina Silva dos Santos Cunha e Patr\u00edcia Giulliane da Silva Barros Teixeira Os autores declaram n\u00e3o apresentar conflito de interesse relacionado a esta&#8230;<\/p>\n\t\t\t<\/div>\n\t\t\t<a class=\"w-blog-post-more w-btn\" href=\"http:\/\/abenti.org.br\/Area_Membros\/ensaio-clinico-randomizado\/\"><span class=\"w-btn-label\">Ler Mais<\/span><\/a>\n\t\t<\/div>\n\t<\/div>\n<\/article>\n\n\n\n<article class=\"w-blog-post artigos-comentados post-5938 post type-post status-publish format-standard has-post-thumbnail hentry category-artigos-comentados\" data-id=\"5938\" data-categories=\"artigos-comentados\">\n\t<div class=\"w-blog-post-h\">\n\t\t<a href=\"http:\/\/abenti.org.br\/Area_Membros\/estudo-multicentrico-randomizado-pragmatico\/\">\n\t\t\t<div class=\"w-blog-post-preview\">\n\t\t\t\t<img loading=\"lazy\" decoding=\"async\" width=\"600\" height=\"400\" src=\"http:\/\/abenti.org.br\/Area_Membros\/wp-content\/uploads\/2023\/03\/espa\u00e7o-de-coworking-600x400.jpg\" class=\"attachment-tnail-3x2 size-tnail-3x2 wp-post-image\" alt=\"\" srcset=\"http:\/\/abenti.org.br\/Area_Membros\/wp-content\/uploads\/2023\/03\/espa\u00e7o-de-coworking-600x399.jpg 600w, http:\/\/abenti.org.br\/Area_Membros\/wp-content\/uploads\/2023\/03\/espa\u00e7o-de-coworking-300x200.jpg 300w, http:\/\/abenti.org.br\/Area_Membros\/wp-content\/uploads\/2023\/03\/espa\u00e7o-de-coworking.jpg 640w\" sizes=\"(max-width: 600px) 100vw, 600px\" \/>\t\t\t\t<span class=\"w-blog-post-preview-icon\" style=\"padding-bottom: 66.6667%;\"><\/span>\n\t\t\t<\/div>\n\t\t<\/a>\n\t\t<div class=\"w-blog-post-body\">\n\t\t\t<h2 class=\"w-blog-post-title\">\n\t\t\t\t<a class=\"entry-title\" rel=\"bookmark\" href=\"http:\/\/abenti.org.br\/Area_Membros\/estudo-multicentrico-randomizado-pragmatico\/\">NUTRI\u00c7\u00c3O ENTERAL CONTINUADA AT\u00c9 A EXTUBA\u00c7\u00c3O EM PACIENTES NA UNIDADE DE TERAPIA INTENSIVA<\/a>\n\t\t\t<\/h2>\n\t\t\t<div class=\"w-blog-post-meta\">\n\t\t\t\t<time class=\"w-blog-post-meta-date date updated\">22 de mar\u00e7o de 2023<\/time><span class=\"w-blog-post-meta-author vcard author hidden\"><a href=\"http:\/\/abenti.org.br\/Area_Membros\/author\/robson-calixto\/\" class=\"fn\">Robson Calixto<\/a><\/span>\t\t\t<\/div>\n\t\t\t<div class=\"w-blog-post-content\">\n\t\t\t\t<p>Um estudo aberto, randomizado por cluster, de grupos paralelos, de n\u00e3o inferioridade Estudo Multic\u00eantrico Randomizado Pragm\u00e1tico Escrito por: J\u00e9ssica dos Santos Souza e Fernando Augusto Pinheiro Os autores declaram n\u00e3o&#8230;<\/p>\n\t\t\t<\/div>\n\t\t\t<a class=\"w-blog-post-more w-btn\" href=\"http:\/\/abenti.org.br\/Area_Membros\/estudo-multicentrico-randomizado-pragmatico\/\"><span class=\"w-btn-label\">Ler Mais<\/span><\/a>\n\t\t<\/div>\n\t<\/div>\n<\/article>\n\n\n\n<article class=\"w-blog-post artigos-comentados post-5872 post type-post status-publish format-standard has-post-thumbnail hentry category-artigos-comentados\" data-id=\"5872\" data-categories=\"artigos-comentados\">\n\t<div class=\"w-blog-post-h\">\n\t\t<a href=\"http:\/\/abenti.org.br\/Area_Membros\/abenti-ventilacao-mecanica\/\">\n\t\t\t<div class=\"w-blog-post-preview\">\n\t\t\t\t<img loading=\"lazy\" decoding=\"async\" width=\"600\" height=\"400\" src=\"http:\/\/abenti.org.br\/Area_Membros\/wp-content\/uploads\/2022\/05\/14-podcasts-600x400.jpeg\" class=\"attachment-tnail-3x2 size-tnail-3x2 wp-post-image\" alt=\"\" \/>\t\t\t\t<span class=\"w-blog-post-preview-icon\" style=\"padding-bottom: 66.6667%;\"><\/span>\n\t\t\t<\/div>\n\t\t<\/a>\n\t\t<div class=\"w-blog-post-body\">\n\t\t\t<h2 class=\"w-blog-post-title\">\n\t\t\t\t<a class=\"entry-title\" rel=\"bookmark\" href=\"http:\/\/abenti.org.br\/Area_Membros\/abenti-ventilacao-mecanica\/\">Podcast &#8211; Ventila\u00e7\u00e3o Mec\u00e2nica<\/a>\n\t\t\t<\/h2>\n\t\t\t<div class=\"w-blog-post-meta\">\n\t\t\t\t<time class=\"w-blog-post-meta-date date updated\">17 de maio de 2022<\/time><span class=\"w-blog-post-meta-author vcard author hidden\"><a href=\"http:\/\/abenti.org.br\/Area_Membros\/author\/area_membros\/\" class=\"fn\">Area_Membros<\/a><\/span>\t\t\t<\/div>\n\t\t\t<div class=\"w-blog-post-content\">\n\t\t\t\t<p>Podcast elaborado pelo Prof. Dr. Allan Peixoto a respeito dos elementos b\u00e1sicos necess\u00e1rios para a pr\u00e1tica assistencial do enfermeiro intensivista. Narrado por: Prof Dr Allan Peixtoto &nbsp; Para ouvir clique&#8230;<\/p>\n\t\t\t<\/div>\n\t\t\t<a class=\"w-blog-post-more w-btn\" href=\"http:\/\/abenti.org.br\/Area_Membros\/abenti-ventilacao-mecanica\/\"><span class=\"w-btn-label\">Ler Mais<\/span><\/a>\n\t\t<\/div>\n\t<\/div>\n<\/article>\n\n\n\n<article class=\"w-blog-post artigos-comentados post-5848 post type-post status-publish format-standard has-post-thumbnail hentry category-artigos-comentados\" data-id=\"5848\" data-categories=\"artigos-comentados\">\n\t<div class=\"w-blog-post-h\">\n\t\t<a href=\"http:\/\/abenti.org.br\/Area_Membros\/ventilacao-mecanica-em-unidade-de-ti\/\">\n\t\t\t<div class=\"w-blog-post-preview\">\n\t\t\t\t<img loading=\"lazy\" decoding=\"async\" width=\"600\" height=\"400\" src=\"http:\/\/abenti.org.br\/Area_Membros\/wp-content\/uploads\/2022\/06\/artigo-comentado-ventilacao-mecanica-600x400.jpg\" class=\"attachment-tnail-3x2 size-tnail-3x2 wp-post-image\" alt=\"\" \/>\t\t\t\t<span class=\"w-blog-post-preview-icon\" style=\"padding-bottom: 66.6667%;\"><\/span>\n\t\t\t<\/div>\n\t\t<\/a>\n\t\t<div class=\"w-blog-post-body\">\n\t\t\t<h2 class=\"w-blog-post-title\">\n\t\t\t\t<a class=\"entry-title\" rel=\"bookmark\" href=\"http:\/\/abenti.org.br\/Area_Membros\/ventilacao-mecanica-em-unidade-de-ti\/\">EDUCA\u00c7\u00c3O PARA PREVEN\u00c7\u00c3O DE PNEUMONIA ASSOCIADA \u00c0 VENTILA\u00c7\u00c3O MEC\u00c2NICA EM UNIDADE DE TERAPIA INTENSIVA<\/a>\n\t\t\t<\/h2>\n\t\t\t<div class=\"w-blog-post-meta\">\n\t\t\t\t<time class=\"w-blog-post-meta-date date updated\">16 de maio de 2022<\/time><span class=\"w-blog-post-meta-author vcard author hidden\"><a href=\"http:\/\/abenti.org.br\/Area_Membros\/author\/area_membros\/\" class=\"fn\">Area_Membros<\/a><\/span>\t\t\t<\/div>\n\t\t\t<div class=\"w-blog-post-content\">\n\t\t\t\t<p>Educa\u00e7\u00e3o para preven\u00e7\u00e3o de pneumonia associada \u00e0 ventila\u00e7\u00e3o mec\u00e2nica em unidade de terapia intensiva Rev Bras Enferm. 2020;73(6):e20190477 Escrito por: Filipe Utuari de Andrade Coelho O autor declara n\u00e3o apresentar&#8230;<\/p>\n\t\t\t<\/div>\n\t\t\t<a class=\"w-blog-post-more w-btn\" href=\"http:\/\/abenti.org.br\/Area_Membros\/ventilacao-mecanica-em-unidade-de-ti\/\"><span class=\"w-btn-label\">Ler Mais<\/span><\/a>\n\t\t<\/div>\n\t<\/div>\n<\/article>\n\n\n\n<article class=\"w-blog-post artigos-comentados post-5804 post type-post status-publish format-standard has-post-thumbnail hentry category-artigos-comentados\" data-id=\"5804\" data-categories=\"artigos-comentados\">\n\t<div class=\"w-blog-post-h\">\n\t\t<a href=\"http:\/\/abenti.org.br\/Area_Membros\/early-sedation-with-dexmedetomidine-in-critically-ill-patients\/\">\n\t\t\t<div class=\"w-blog-post-preview\">\n\t\t\t\t<img loading=\"lazy\" decoding=\"async\" width=\"600\" height=\"400\" src=\"http:\/\/abenti.org.br\/Area_Membros\/wp-content\/uploads\/2019\/07\/artigo-Rennan-img-01-1500x584-600x400.jpg\" class=\"attachment-tnail-3x2 size-tnail-3x2 wp-post-image\" alt=\"\" \/>\t\t\t\t<span class=\"w-blog-post-preview-icon\" style=\"padding-bottom: 66.6667%;\"><\/span>\n\t\t\t<\/div>\n\t\t<\/a>\n\t\t<div class=\"w-blog-post-body\">\n\t\t\t<h2 class=\"w-blog-post-title\">\n\t\t\t\t<a class=\"entry-title\" rel=\"bookmark\" href=\"http:\/\/abenti.org.br\/Area_Membros\/early-sedation-with-dexmedetomidine-in-critically-ill-patients\/\">EARLY SEDATION WITH DEXMEDETOMIDINE IN CRITICALLY ILL PATIENTS<\/a>\n\t\t\t<\/h2>\n\t\t\t<div class=\"w-blog-post-meta\">\n\t\t\t\t<time class=\"w-blog-post-meta-date date updated\">30 de julho de 2019<\/time><span class=\"w-blog-post-meta-author vcard author hidden\"><a href=\"http:\/\/abenti.org.br\/Area_Membros\/author\/area_membros\/\" class=\"fn\">Area_Membros<\/a><\/span>\t\t\t<\/div>\n\t\t\t<div class=\"w-blog-post-content\">\n\t\t\t\t<p>SPICE III Trial Early Sedation with Dexmedetomidine in Critically Ill Patients N Engl J Med. 2019 Jun 27;380(26):2506-2517 Escrito por: Rennan Martins Ribeiro O autor declara n\u00e3o apresentar conflito de&#8230;<\/p>\n\t\t\t<\/div>\n\t\t\t<a class=\"w-blog-post-more w-btn\" href=\"http:\/\/abenti.org.br\/Area_Membros\/early-sedation-with-dexmedetomidine-in-critically-ill-patients\/\"><span class=\"w-btn-label\">Ler Mais<\/span><\/a>\n\t\t<\/div>\n\t<\/div>\n<\/article>\n\n<\/div><\/div><\/div><\/div><\/div><\/div><\/section>\n","protected":false},"excerpt":{"rendered":"SPICE III Trial Early Sedation with Dexmedetomidine in Critically Ill Patients N Engl J Med. 2019 Jun 27;380(26):2506-2517 Escrito por: Rennan Martins Ribeiro O autor declara n\u00e3o apresentar conflito de...","protected":false},"author":1,"featured_media":0,"parent":0,"menu_order":0,"comment_status":"closed","ping_status":"closed","template":"","meta":{"footnotes":""},"_links":{"self":[{"href":"http:\/\/abenti.org.br\/Area_Membros\/wp-json\/wp\/v2\/pages\/5769"}],"collection":[{"href":"http:\/\/abenti.org.br\/Area_Membros\/wp-json\/wp\/v2\/pages"}],"about":[{"href":"http:\/\/abenti.org.br\/Area_Membros\/wp-json\/wp\/v2\/types\/page"}],"author":[{"embeddable":true,"href":"http:\/\/abenti.org.br\/Area_Membros\/wp-json\/wp\/v2\/users\/1"}],"replies":[{"embeddable":true,"href":"http:\/\/abenti.org.br\/Area_Membros\/wp-json\/wp\/v2\/comments?post=5769"}],"version-history":[{"count":39,"href":"http:\/\/abenti.org.br\/Area_Membros\/wp-json\/wp\/v2\/pages\/5769\/revisions"}],"predecessor-version":[{"id":6074,"href":"http:\/\/abenti.org.br\/Area_Membros\/wp-json\/wp\/v2\/pages\/5769\/revisions\/6074"}],"wp:attachment":[{"href":"http:\/\/abenti.org.br\/Area_Membros\/wp-json\/wp\/v2\/media?parent=5769"}],"curies":[{"name":"wp","href":"https:\/\/api.w.org\/{rel}","templated":true}]}}